{"id":721,"date":"2018-02-19T15:56:30","date_gmt":"2018-02-19T14:56:30","guid":{"rendered":"http:\/\/www.neuvysurleschemins.fr\/?page_id=721"},"modified":"2018-02-19T15:56:50","modified_gmt":"2018-02-19T14:56:50","slug":"engages-pour-la-jeunesse-et-leducation","status":"publish","type":"page","link":"https:\/\/www.neuvysurleschemins.fr\/index.php\/engages-pour-la-jeunesse-et-leducation\/","title":{"rendered":"Neuvy pour la jeunesse et l&rsquo;\u00e9ducation"},"content":{"rendered":"\t\t<div data-elementor-type=\"wp-post\" data-elementor-id=\"721\" class=\"elementor elementor-721 elementor-bc-flex-widget\">\n\t\t\t\t\t\t<section class=\"elementor-section elementor-top-section elementor-element elementor-element-r2xhunv elementor-section-boxed elementor-section-height-default elementor-section-height-default\" data-id=\"r2xhunv\" data-element_type=\"section\">\n\t\t\t\t\t\t<div class=\"elementor-container elementor-column-gap-default\">\n\t\t\t\t\t<div class=\"elementor-column elementor-col-50 elementor-top-column elementor-element elementor-element-cqezdqf\" data-id=\"cqezdqf\" data-element_type=\"column\">\n\t\t\t<div class=\"elementor-widget-wrap elementor-element-populated\">\n\t\t\t\t\t\t<div class=\"elementor-element elementor-element-by4tjat elementor-widget elementor-widget-text-editor\" data-id=\"by4tjat\" data-element_type=\"widget\" data-widget_type=\"text-editor.default\">\n\t\t\t\t<div class=\"elementor-widget-container\">\n\t\t\t\t\t\t\t\t\t<p>Notre patrimoine culturel et naturel se transmet de g\u00e9n\u00e9rations en g\u00e9n\u00e9rations. Parmi ces derni\u00e8res, la place des plus jeunes est primordiale pour que les c\u00e9l\u00e9brations autour des Chemins de Compostelle prennent leur juste valeur.\u00a0<\/p>\t\t\t\t\t\t\t\t<\/div>\n\t\t\t\t<\/div>\n\t\t\t\t\t<\/div>\n\t\t<\/div>\n\t\t\t\t<div class=\"elementor-column elementor-col-50 elementor-top-column elementor-element elementor-element-tmc09o7\" data-id=\"tmc09o7\" data-element_type=\"column\">\n\t\t\t<div class=\"elementor-widget-wrap elementor-element-populated\">\n\t\t\t\t\t\t<div class=\"elementor-element elementor-element-gmy8dcr elementor-widget elementor-widget-image\" data-id=\"gmy8dcr\" data-element_type=\"widget\" data-widget_type=\"image.default\">\n\t\t\t\t<div class=\"elementor-widget-container\">\n\t\t\t\t\t\t\t\t\t\t\t\t\t\t\t<img fetchpriority=\"high\" decoding=\"async\" data-attachment-id=\"773\" data-permalink=\"https:\/\/www.neuvysurleschemins.fr\/hand-tree-grass-group-people-plant-954284-pxhere-com\/\" data-orig-file=\"https:\/\/i0.wp.com\/www.neuvysurleschemins.fr\/wp-content\/uploads\/2018\/02\/hand-tree-grass-group-people-plant-954284-pxhere.com_.jpg?fit=800%2C600&amp;ssl=1\" data-orig-size=\"800,600\" data-comments-opened=\"1\" data-image-meta=\"{&quot;aperture&quot;:&quot;0&quot;,&quot;credit&quot;:&quot;&quot;,&quot;camera&quot;:&quot;&quot;,&quot;caption&quot;:&quot;&quot;,&quot;created_timestamp&quot;:&quot;0&quot;,&quot;copyright&quot;:&quot;&quot;,&quot;focal_length&quot;:&quot;0&quot;,&quot;iso&quot;:&quot;0&quot;,&quot;shutter_speed&quot;:&quot;0&quot;,&quot;title&quot;:&quot;&quot;,&quot;orientation&quot;:&quot;0&quot;}\" data-image-title=\"hand-tree-grass-group-people-plant-954284-pxhere.com\" data-image-description=\"\" data-image-caption=\"\" data-medium-file=\"https:\/\/i0.wp.com\/www.neuvysurleschemins.fr\/wp-content\/uploads\/2018\/02\/hand-tree-grass-group-people-plant-954284-pxhere.com_.jpg?fit=300%2C225&amp;ssl=1\" data-large-file=\"https:\/\/i0.wp.com\/www.neuvysurleschemins.fr\/wp-content\/uploads\/2018\/02\/hand-tree-grass-group-people-plant-954284-pxhere.com_.jpg?fit=800%2C600&amp;ssl=1\" tabindex=\"0\" role=\"button\" width=\"300\" height=\"225\" src=\"https:\/\/i0.wp.com\/www.neuvysurleschemins.fr\/wp-content\/uploads\/2018\/02\/hand-tree-grass-group-people-plant-954284-pxhere.com_.jpg?fit=300%2C225&amp;ssl=1\" class=\"attachment-medium size-medium wp-image-773\" alt=\"\" srcset=\"https:\/\/i0.wp.com\/www.neuvysurleschemins.fr\/wp-content\/uploads\/2018\/02\/hand-tree-grass-group-people-plant-954284-pxhere.com_.jpg?w=800&amp;ssl=1 800w, https:\/\/i0.wp.com\/www.neuvysurleschemins.fr\/wp-content\/uploads\/2018\/02\/hand-tree-grass-group-people-plant-954284-pxhere.com_.jpg?resize=300%2C225&amp;ssl=1 300w, https:\/\/i0.wp.com\/www.neuvysurleschemins.fr\/wp-content\/uploads\/2018\/02\/hand-tree-grass-group-people-plant-954284-pxhere.com_.jpg?resize=768%2C576&amp;ssl=1 768w, https:\/\/i0.wp.com\/www.neuvysurleschemins.fr\/wp-content\/uploads\/2018\/02\/hand-tree-grass-group-people-plant-954284-pxhere.com_.jpg?resize=750%2C563&amp;ssl=1 750w\" sizes=\"(max-width: 300px) 100vw, 300px\" data-attachment-id=\"773\" data-permalink=\"https:\/\/www.neuvysurleschemins.fr\/hand-tree-grass-group-people-plant-954284-pxhere-com\/\" data-orig-file=\"https:\/\/i0.wp.com\/www.neuvysurleschemins.fr\/wp-content\/uploads\/2018\/02\/hand-tree-grass-group-people-plant-954284-pxhere.com_.jpg?fit=800%2C600&amp;ssl=1\" data-orig-size=\"800,600\" data-comments-opened=\"1\" data-image-meta=\"{&quot;aperture&quot;:&quot;0&quot;,&quot;credit&quot;:&quot;&quot;,&quot;camera&quot;:&quot;&quot;,&quot;caption&quot;:&quot;&quot;,&quot;created_timestamp&quot;:&quot;0&quot;,&quot;copyright&quot;:&quot;&quot;,&quot;focal_length&quot;:&quot;0&quot;,&quot;iso&quot;:&quot;0&quot;,&quot;shutter_speed&quot;:&quot;0&quot;,&quot;title&quot;:&quot;&quot;,&quot;orientation&quot;:&quot;0&quot;}\" data-image-title=\"hand-tree-grass-group-people-plant-954284-pxhere.com\" data-image-description=\"\" data-image-caption=\"\" data-medium-file=\"https:\/\/i0.wp.com\/www.neuvysurleschemins.fr\/wp-content\/uploads\/2018\/02\/hand-tree-grass-group-people-plant-954284-pxhere.com_.jpg?fit=300%2C225&amp;ssl=1\" data-large-file=\"https:\/\/i0.wp.com\/www.neuvysurleschemins.fr\/wp-content\/uploads\/2018\/02\/hand-tree-grass-group-people-plant-954284-pxhere.com_.jpg?fit=800%2C600&amp;ssl=1\" role=\"button\" \/>\t\t\t\t\t\t\t\t\t\t\t\t\t\t\t<\/div>\n\t\t\t\t<\/div>\n\t\t\t\t\t<\/div>\n\t\t<\/div>\n\t\t\t\t\t<\/div>\n\t\t<\/section>\n\t\t\t\t<section class=\"elementor-section elementor-top-section elementor-element elementor-element-csmrh62 elementor-section-boxed elementor-section-height-default elementor-section-height-default\" data-id=\"csmrh62\" data-element_type=\"section\">\n\t\t\t\t\t\t<div class=\"elementor-container elementor-column-gap-default\">\n\t\t\t\t\t<div class=\"elementor-column elementor-col-100 elementor-top-column elementor-element elementor-element-qi1b6kc\" data-id=\"qi1b6kc\" data-element_type=\"column\">\n\t\t\t<div class=\"elementor-widget-wrap elementor-element-populated\">\n\t\t\t\t\t\t<div class=\"elementor-element elementor-element-1m1cv4i elementor-widget elementor-widget-heading\" data-id=\"1m1cv4i\" data-element_type=\"widget\" data-widget_type=\"heading.default\">\n\t\t\t\t<div class=\"elementor-widget-container\">\n\t\t\t\t\t<h2 class=\"elementor-heading-title elementor-size-default\">Participer ensemble<\/h2>\t\t\t\t<\/div>\n\t\t\t\t<\/div>\n\t\t\t\t\t<\/div>\n\t\t<\/div>\n\t\t\t\t\t<\/div>\n\t\t<\/section>\n\t\t\t\t<section class=\"elementor-section elementor-top-section elementor-element elementor-element-9m831nw elementor-section-boxed elementor-section-height-default elementor-section-height-default\" data-id=\"9m831nw\" data-element_type=\"section\">\n\t\t\t\t\t\t<div class=\"elementor-container elementor-column-gap-default\">\n\t\t\t\t\t<div class=\"elementor-column elementor-col-100 elementor-top-column elementor-element elementor-element-hii1nfi\" data-id=\"hii1nfi\" data-element_type=\"column\">\n\t\t\t<div class=\"elementor-widget-wrap elementor-element-populated\">\n\t\t\t\t\t\t<div class=\"elementor-element elementor-element-lk0wwq6 elementor-widget elementor-widget-text-editor\" data-id=\"lk0wwq6\" data-element_type=\"widget\" data-widget_type=\"text-editor.default\">\n\t\t\t\t<div class=\"elementor-widget-container\">\n\t\t\t\t\t\t\t\t\t<p>Les enfants du centre de loisirs de Neuvy Saint S\u00e9pulchre ont particip\u00e9 \u00e0 la cr\u00e9ation de colliers pour les participants \u00e0 la P\u00e9r\u00e9grine Jacquaire. Tout en couleurs, ces colliers sont le symbole de la diversit\u00e9 des peuples et des cultures qui parcourent les chemins de Saint Jacques.<\/p>\t\t\t\t\t\t\t\t<\/div>\n\t\t\t\t<\/div>\n\t\t\t\t\t<\/div>\n\t\t<\/div>\n\t\t\t\t\t<\/div>\n\t\t<\/section>\n\t\t\t\t<section class=\"elementor-section elementor-top-section elementor-element elementor-element-bu0a4ym elementor-section-boxed elementor-section-height-default elementor-section-height-default\" data-id=\"bu0a4ym\" data-element_type=\"section\" data-settings=\"{&quot;background_background&quot;:&quot;classic&quot;}\">\n\t\t\t\t\t\t<div class=\"elementor-container elementor-column-gap-default\">\n\t\t\t\t\t<div class=\"elementor-column elementor-col-33 elementor-top-column elementor-element elementor-element-e0bjykc\" data-id=\"e0bjykc\" data-element_type=\"column\">\n\t\t\t<div class=\"elementor-widget-wrap elementor-element-populated\">\n\t\t\t\t\t\t<div class=\"elementor-element elementor-element-j9u49lt elementor-widget elementor-widget-image\" data-id=\"j9u49lt\" data-element_type=\"widget\" data-widget_type=\"image.default\">\n\t\t\t\t<div class=\"elementor-widget-container\">\n\t\t\t\t\t\t\t\t\t\t\t\t\t\t\t<img decoding=\"async\" data-attachment-id=\"893\" data-permalink=\"https:\/\/www.neuvysurleschemins.fr\/wood-play-color-human-friendship-together-792010-pxhere-com\/\" data-orig-file=\"https:\/\/i0.wp.com\/www.neuvysurleschemins.fr\/wp-content\/uploads\/2018\/02\/wood-play-color-human-friendship-together-792010-pxhere.com_.jpg?fit=800%2C528&amp;ssl=1\" data-orig-size=\"800,528\" data-comments-opened=\"1\" data-image-meta=\"{&quot;aperture&quot;:&quot;0&quot;,&quot;credit&quot;:&quot;&quot;,&quot;camera&quot;:&quot;&quot;,&quot;caption&quot;:&quot;&quot;,&quot;created_timestamp&quot;:&quot;0&quot;,&quot;copyright&quot;:&quot;&quot;,&quot;focal_length&quot;:&quot;0&quot;,&quot;iso&quot;:&quot;0&quot;,&quot;shutter_speed&quot;:&quot;0&quot;,&quot;title&quot;:&quot;&quot;,&quot;orientation&quot;:&quot;0&quot;}\" data-image-title=\"wood-play-color-human-friendship-together-792010-pxhere.com\" data-image-description=\"\" data-image-caption=\"\" data-medium-file=\"https:\/\/i0.wp.com\/www.neuvysurleschemins.fr\/wp-content\/uploads\/2018\/02\/wood-play-color-human-friendship-together-792010-pxhere.com_.jpg?fit=300%2C198&amp;ssl=1\" data-large-file=\"https:\/\/i0.wp.com\/www.neuvysurleschemins.fr\/wp-content\/uploads\/2018\/02\/wood-play-color-human-friendship-together-792010-pxhere.com_.jpg?fit=800%2C528&amp;ssl=1\" tabindex=\"0\" role=\"button\" width=\"150\" height=\"150\" src=\"https:\/\/i0.wp.com\/www.neuvysurleschemins.fr\/wp-content\/uploads\/2018\/02\/wood-play-color-human-friendship-together-792010-pxhere.com_.jpg?resize=150%2C150&amp;ssl=1\" class=\"attachment-thumbnail size-thumbnail wp-image-893\" alt=\"\" srcset=\"https:\/\/i0.wp.com\/www.neuvysurleschemins.fr\/wp-content\/uploads\/2018\/02\/wood-play-color-human-friendship-together-792010-pxhere.com_.jpg?resize=150%2C150&amp;ssl=1 150w, https:\/\/i0.wp.com\/www.neuvysurleschemins.fr\/wp-content\/uploads\/2018\/02\/wood-play-color-human-friendship-together-792010-pxhere.com_.jpg?zoom=2&amp;resize=150%2C150 300w, https:\/\/i0.wp.com\/www.neuvysurleschemins.fr\/wp-content\/uploads\/2018\/02\/wood-play-color-human-friendship-together-792010-pxhere.com_.jpg?zoom=3&amp;resize=150%2C150 450w\" sizes=\"(max-width: 150px) 100vw, 150px\" data-attachment-id=\"893\" data-permalink=\"https:\/\/www.neuvysurleschemins.fr\/wood-play-color-human-friendship-together-792010-pxhere-com\/\" data-orig-file=\"https:\/\/i0.wp.com\/www.neuvysurleschemins.fr\/wp-content\/uploads\/2018\/02\/wood-play-color-human-friendship-together-792010-pxhere.com_.jpg?fit=800%2C528&amp;ssl=1\" data-orig-size=\"800,528\" data-comments-opened=\"1\" data-image-meta=\"{&quot;aperture&quot;:&quot;0&quot;,&quot;credit&quot;:&quot;&quot;,&quot;camera&quot;:&quot;&quot;,&quot;caption&quot;:&quot;&quot;,&quot;created_timestamp&quot;:&quot;0&quot;,&quot;copyright&quot;:&quot;&quot;,&quot;focal_length&quot;:&quot;0&quot;,&quot;iso&quot;:&quot;0&quot;,&quot;shutter_speed&quot;:&quot;0&quot;,&quot;title&quot;:&quot;&quot;,&quot;orientation&quot;:&quot;0&quot;}\" data-image-title=\"wood-play-color-human-friendship-together-792010-pxhere.com\" data-image-description=\"\" data-image-caption=\"\" data-medium-file=\"https:\/\/i0.wp.com\/www.neuvysurleschemins.fr\/wp-content\/uploads\/2018\/02\/wood-play-color-human-friendship-together-792010-pxhere.com_.jpg?fit=300%2C198&amp;ssl=1\" data-large-file=\"https:\/\/i0.wp.com\/www.neuvysurleschemins.fr\/wp-content\/uploads\/2018\/02\/wood-play-color-human-friendship-together-792010-pxhere.com_.jpg?fit=800%2C528&amp;ssl=1\" role=\"button\" \/>\t\t\t\t\t\t\t\t\t\t\t\t\t\t\t<\/div>\n\t\t\t\t<\/div>\n\t\t\t\t\t<\/div>\n\t\t<\/div>\n\t\t\t\t<div class=\"elementor-column elementor-col-66 elementor-top-column elementor-element elementor-element-ve36eaw\" data-id=\"ve36eaw\" data-element_type=\"column\">\n\t\t\t<div class=\"elementor-widget-wrap elementor-element-populated\">\n\t\t\t\t\t\t<div class=\"elementor-element elementor-element-f7pqz42 elementor-widget elementor-widget-text-editor\" data-id=\"f7pqz42\" data-element_type=\"widget\" data-widget_type=\"text-editor.default\">\n\t\t\t\t<div class=\"elementor-widget-container\">\n\t\t\t\t\t\t\t\t\t<p>\u00ab\u00a0L&rsquo;UNESCO consid\u00e8re que l&rsquo;\u00e9ducation est un droit humain pour tous, tout au long de la vie, et que l&rsquo;acc\u00e8s \u00e0 l\u2019\u00e9ducation va de pair avec la qualit\u00e9.\u00a0\u00bb Plus d&rsquo;informations sur le site de <a href=\"https:\/\/fr.unesco.org\/themes\/education\" target=\"_blank\" rel=\"noopener\"><span style=\"text-decoration: underline;\"><strong>l&rsquo;UNESCO<\/strong><\/span><\/a>.<\/p>\t\t\t\t\t\t\t\t<\/div>\n\t\t\t\t<\/div>\n\t\t\t\t\t<\/div>\n\t\t<\/div>\n\t\t\t\t\t<\/div>\n\t\t<\/section>\n\t\t\t\t<section class=\"elementor-section elementor-top-section elementor-element elementor-element-tbc5hqp elementor-section-boxed elementor-section-height-default elementor-section-height-default\" data-id=\"tbc5hqp\" data-element_type=\"section\">\n\t\t\t\t\t\t<div class=\"elementor-container elementor-column-gap-default\">\n\t\t\t\t\t<div class=\"elementor-column elementor-col-100 elementor-top-column elementor-element elementor-element-8n9wraj\" data-id=\"8n9wraj\" data-element_type=\"column\">\n\t\t\t<div class=\"elementor-widget-wrap elementor-element-populated\">\n\t\t\t\t\t\t<div class=\"elementor-element elementor-element-qovtye2 elementor-widget-divider--view-line elementor-widget elementor-widget-divider\" data-id=\"qovtye2\" data-element_type=\"widget\" data-widget_type=\"divider.default\">\n\t\t\t\t<div class=\"elementor-widget-container\">\n\t\t\t\t\t\t\t<div class=\"elementor-divider\">\n\t\t\t<span class=\"elementor-divider-separator\">\n\t\t\t\t\t\t<\/span>\n\t\t<\/div>\n\t\t\t\t\t\t<\/div>\n\t\t\t\t<\/div>\n\t\t\t\t\t<\/div>\n\t\t<\/div>\n\t\t\t\t\t<\/div>\n\t\t<\/section>\n\t\t\t\t<section class=\"elementor-section elementor-top-section elementor-element elementor-element-yi7tfvg elementor-section-boxed elementor-section-height-default elementor-section-height-default\" data-id=\"yi7tfvg\" data-element_type=\"section\">\n\t\t\t\t\t\t<div class=\"elementor-container elementor-column-gap-default\">\n\t\t\t\t\t<div class=\"elementor-column elementor-col-100 elementor-top-column elementor-element elementor-element-i4f8ivs\" data-id=\"i4f8ivs\" data-element_type=\"column\">\n\t\t\t<div class=\"elementor-widget-wrap elementor-element-populated\">\n\t\t\t\t\t\t<div class=\"elementor-element elementor-element-skp7y3v elementor-widget elementor-widget-heading\" data-id=\"skp7y3v\" data-element_type=\"widget\" data-widget_type=\"heading.default\">\n\t\t\t\t<div class=\"elementor-widget-container\">\n\t\t\t\t\t<h2 class=\"elementor-heading-title elementor-size-default\">Encourager les jeunes filles<\/h2>\t\t\t\t<\/div>\n\t\t\t\t<\/div>\n\t\t\t\t\t<\/div>\n\t\t<\/div>\n\t\t\t\t\t<\/div>\n\t\t<\/section>\n\t\t\t\t<section class=\"elementor-section elementor-top-section elementor-element elementor-element-19ri6rj elementor-section-boxed elementor-section-height-default elementor-section-height-default\" data-id=\"19ri6rj\" data-element_type=\"section\">\n\t\t\t\t\t\t<div class=\"elementor-container elementor-column-gap-default\">\n\t\t\t\t\t<div class=\"elementor-column elementor-col-100 elementor-top-column elementor-element elementor-element-he6fv84\" data-id=\"he6fv84\" data-element_type=\"column\">\n\t\t\t<div class=\"elementor-widget-wrap elementor-element-populated\">\n\t\t\t\t\t\t<div class=\"elementor-element elementor-element-evbdhbi elementor-widget elementor-widget-text-editor\" data-id=\"evbdhbi\" data-element_type=\"widget\" data-widget_type=\"text-editor.default\">\n\t\t\t\t<div class=\"elementor-widget-container\">\n\t\t\t\t\t\t\t\t\t<p>C&rsquo;est \u00e9galement \u00e0 travers le sport et le partage que nous c\u00e9l\u00e8brerons les 20 ans des Chemins de Compostelle au patrimoine mondial de l&rsquo;UNESCO. Le BVN, Bouzanne Vall\u00e9e Noire, soutient en effet cet \u00e9v\u00e8nement en invitant les \u00e9quipes f\u00e9minines jusqu&rsquo;\u00e0 15 ans lors d&rsquo;un tournoi de foot organis\u00e9 les 19 et 20 mai.<\/p>\t\t\t\t\t\t\t\t<\/div>\n\t\t\t\t<\/div>\n\t\t\t\t\t<\/div>\n\t\t<\/div>\n\t\t\t\t\t<\/div>\n\t\t<\/section>\n\t\t\t\t<section class=\"elementor-section elementor-top-section elementor-element elementor-element-xgdu7vl elementor-section-boxed elementor-section-height-default elementor-section-height-default\" data-id=\"xgdu7vl\" data-element_type=\"section\">\n\t\t\t\t\t\t<div class=\"elementor-container elementor-column-gap-default\">\n\t\t\t\t\t<div class=\"elementor-column elementor-col-50 elementor-top-column elementor-element elementor-element-c0erqzo\" data-id=\"c0erqzo\" data-element_type=\"column\">\n\t\t\t<div class=\"elementor-widget-wrap elementor-element-populated\">\n\t\t\t\t\t\t<div class=\"elementor-element elementor-element-mkr4o14 elementor-widget elementor-widget-image\" data-id=\"mkr4o14\" data-element_type=\"widget\" data-widget_type=\"image.default\">\n\t\t\t\t<div class=\"elementor-widget-container\">\n\t\t\t\t\t\t\t\t\t\t\t\t\t\t\t<img decoding=\"async\" data-attachment-id=\"751\" data-permalink=\"https:\/\/www.neuvysurleschemins.fr\/grass-sport-game-green-soccer-football-927727-pxhere-com\/\" data-orig-file=\"https:\/\/i0.wp.com\/www.neuvysurleschemins.fr\/wp-content\/uploads\/2018\/02\/grass-sport-game-green-soccer-football-927727-pxhere.com_.jpg?fit=800%2C600&amp;ssl=1\" data-orig-size=\"800,600\" data-comments-opened=\"1\" data-image-meta=\"{&quot;aperture&quot;:&quot;0&quot;,&quot;credit&quot;:&quot;&quot;,&quot;camera&quot;:&quot;&quot;,&quot;caption&quot;:&quot;&quot;,&quot;created_timestamp&quot;:&quot;0&quot;,&quot;copyright&quot;:&quot;&quot;,&quot;focal_length&quot;:&quot;0&quot;,&quot;iso&quot;:&quot;0&quot;,&quot;shutter_speed&quot;:&quot;0&quot;,&quot;title&quot;:&quot;&quot;,&quot;orientation&quot;:&quot;0&quot;}\" data-image-title=\"grass-sport-game-green-soccer-football-927727-pxhere.com\" data-image-description=\"\" data-image-caption=\"\" data-medium-file=\"https:\/\/i0.wp.com\/www.neuvysurleschemins.fr\/wp-content\/uploads\/2018\/02\/grass-sport-game-green-soccer-football-927727-pxhere.com_.jpg?fit=300%2C225&amp;ssl=1\" data-large-file=\"https:\/\/i0.wp.com\/www.neuvysurleschemins.fr\/wp-content\/uploads\/2018\/02\/grass-sport-game-green-soccer-football-927727-pxhere.com_.jpg?fit=800%2C600&amp;ssl=1\" tabindex=\"0\" role=\"button\" width=\"800\" height=\"600\" src=\"https:\/\/i0.wp.com\/www.neuvysurleschemins.fr\/wp-content\/uploads\/2018\/02\/grass-sport-game-green-soccer-football-927727-pxhere.com_.jpg?fit=800%2C600&amp;ssl=1\" class=\"attachment-large size-large wp-image-751\" alt=\"\" srcset=\"https:\/\/i0.wp.com\/www.neuvysurleschemins.fr\/wp-content\/uploads\/2018\/02\/grass-sport-game-green-soccer-football-927727-pxhere.com_.jpg?w=800&amp;ssl=1 800w, https:\/\/i0.wp.com\/www.neuvysurleschemins.fr\/wp-content\/uploads\/2018\/02\/grass-sport-game-green-soccer-football-927727-pxhere.com_.jpg?resize=300%2C225&amp;ssl=1 300w, https:\/\/i0.wp.com\/www.neuvysurleschemins.fr\/wp-content\/uploads\/2018\/02\/grass-sport-game-green-soccer-football-927727-pxhere.com_.jpg?resize=768%2C576&amp;ssl=1 768w, https:\/\/i0.wp.com\/www.neuvysurleschemins.fr\/wp-content\/uploads\/2018\/02\/grass-sport-game-green-soccer-football-927727-pxhere.com_.jpg?resize=750%2C563&amp;ssl=1 750w\" sizes=\"(max-width: 800px) 100vw, 800px\" data-attachment-id=\"751\" data-permalink=\"https:\/\/www.neuvysurleschemins.fr\/grass-sport-game-green-soccer-football-927727-pxhere-com\/\" data-orig-file=\"https:\/\/i0.wp.com\/www.neuvysurleschemins.fr\/wp-content\/uploads\/2018\/02\/grass-sport-game-green-soccer-football-927727-pxhere.com_.jpg?fit=800%2C600&amp;ssl=1\" data-orig-size=\"800,600\" data-comments-opened=\"1\" data-image-meta=\"{&quot;aperture&quot;:&quot;0&quot;,&quot;credit&quot;:&quot;&quot;,&quot;camera&quot;:&quot;&quot;,&quot;caption&quot;:&quot;&quot;,&quot;created_timestamp&quot;:&quot;0&quot;,&quot;copyright&quot;:&quot;&quot;,&quot;focal_length&quot;:&quot;0&quot;,&quot;iso&quot;:&quot;0&quot;,&quot;shutter_speed&quot;:&quot;0&quot;,&quot;title&quot;:&quot;&quot;,&quot;orientation&quot;:&quot;0&quot;}\" data-image-title=\"grass-sport-game-green-soccer-football-927727-pxhere.com\" data-image-description=\"\" data-image-caption=\"\" data-medium-file=\"https:\/\/i0.wp.com\/www.neuvysurleschemins.fr\/wp-content\/uploads\/2018\/02\/grass-sport-game-green-soccer-football-927727-pxhere.com_.jpg?fit=300%2C225&amp;ssl=1\" data-large-file=\"https:\/\/i0.wp.com\/www.neuvysurleschemins.fr\/wp-content\/uploads\/2018\/02\/grass-sport-game-green-soccer-football-927727-pxhere.com_.jpg?fit=800%2C600&amp;ssl=1\" role=\"button\" \/>\t\t\t\t\t\t\t\t\t\t\t\t\t\t\t<\/div>\n\t\t\t\t<\/div>\n\t\t\t\t\t<\/div>\n\t\t<\/div>\n\t\t\t\t<div class=\"elementor-column elementor-col-50 elementor-top-column elementor-element elementor-element-lf4v4o8\" data-id=\"lf4v4o8\" data-element_type=\"column\">\n\t\t\t<div class=\"elementor-widget-wrap elementor-element-populated\">\n\t\t\t\t\t\t<div class=\"elementor-element elementor-element-4llvtts elementor-widget elementor-widget-text-editor\" data-id=\"4llvtts\" data-element_type=\"widget\" data-widget_type=\"text-editor.default\">\n\t\t\t\t<div class=\"elementor-widget-container\">\n\t\t\t\t\t\t\t\t\t<p>Le <a href=\"https:\/\/www.facebook.com\/groups\/1644713455765968\/\" target=\"_blank\" rel=\"noopener\"><span style=\"text-decoration: underline;\"><strong>BVN<\/strong><\/span><\/a> regroupe les \u00e9quipes f\u00e9minines de Neuvy Saint S\u00e9pulchre et du Bas Berry. Ce sont plus de 200 jeunes filles qui se retrouvent chaque ann\u00e9e \u00e0 Neuvy pour le tournoi du Club. Cette ann\u00e9e, le club invite en particulier les Clubs situ\u00e9s sur les chemins de Compostelle.<\/p>\t\t\t\t\t\t\t\t<\/div>\n\t\t\t\t<\/div>\n\t\t\t\t\t<\/div>\n\t\t<\/div>\n\t\t\t\t\t<\/div>\n\t\t<\/section>\n\t\t\t\t<section class=\"elementor-section elementor-top-section elementor-element elementor-element-fqkwjws elementor-section-boxed elementor-section-height-default elementor-section-height-default\" data-id=\"fqkwjws\" data-element_type=\"section\">\n\t\t\t\t\t\t<div class=\"elementor-container elementor-column-gap-default\">\n\t\t\t\t\t<div class=\"elementor-column elementor-col-100 elementor-top-column elementor-element elementor-element-taz0lhp\" data-id=\"taz0lhp\" data-element_type=\"column\">\n\t\t\t<div class=\"elementor-widget-wrap elementor-element-populated\">\n\t\t\t\t\t\t<div class=\"elementor-element elementor-element-68739oh elementor-widget-divider--view-line elementor-widget elementor-widget-divider\" data-id=\"68739oh\" data-element_type=\"widget\" data-widget_type=\"divider.default\">\n\t\t\t\t<div class=\"elementor-widget-container\">\n\t\t\t\t\t\t\t<div class=\"elementor-divider\">\n\t\t\t<span class=\"elementor-divider-separator\">\n\t\t\t\t\t\t<\/span>\n\t\t<\/div>\n\t\t\t\t\t\t<\/div>\n\t\t\t\t<\/div>\n\t\t\t\t\t<\/div>\n\t\t<\/div>\n\t\t\t\t\t<\/div>\n\t\t<\/section>\n\t\t\t\t<section class=\"elementor-section elementor-top-section elementor-element elementor-element-hb6vaof elementor-section-boxed elementor-section-height-default elementor-section-height-default\" data-id=\"hb6vaof\" data-element_type=\"section\">\n\t\t\t\t\t\t<div class=\"elementor-container elementor-column-gap-default\">\n\t\t\t\t\t<div class=\"elementor-column elementor-col-100 elementor-top-column elementor-element elementor-element-kr8gxsi\" data-id=\"kr8gxsi\" data-element_type=\"column\">\n\t\t\t<div class=\"elementor-widget-wrap elementor-element-populated\">\n\t\t\t\t\t\t<div class=\"elementor-element elementor-element-a9dmn7r elementor-widget elementor-widget-heading\" data-id=\"a9dmn7r\" data-element_type=\"widget\" data-widget_type=\"heading.default\">\n\t\t\t\t<div class=\"elementor-widget-container\">\n\t\t\t\t\t<h2 class=\"elementor-heading-title elementor-size-default\">Faire conna\u00eetre le monde<\/h2>\t\t\t\t<\/div>\n\t\t\t\t<\/div>\n\t\t\t\t\t<\/div>\n\t\t<\/div>\n\t\t\t\t\t<\/div>\n\t\t<\/section>\n\t\t\t\t<section class=\"elementor-section elementor-top-section elementor-element elementor-element-loicc4w elementor-section-boxed elementor-section-height-default elementor-section-height-default\" data-id=\"loicc4w\" data-element_type=\"section\">\n\t\t\t\t\t\t<div class=\"elementor-container elementor-column-gap-default\">\n\t\t\t\t\t<div class=\"elementor-column elementor-col-100 elementor-top-column elementor-element elementor-element-ojfn167\" data-id=\"ojfn167\" data-element_type=\"column\">\n\t\t\t<div class=\"elementor-widget-wrap elementor-element-populated\">\n\t\t\t\t\t\t<div class=\"elementor-element elementor-element-5k4svzw elementor-widget elementor-widget-text-editor\" data-id=\"5k4svzw\" data-element_type=\"widget\" data-widget_type=\"text-editor.default\">\n\t\t\t\t<div class=\"elementor-widget-container\">\n\t\t\t\t\t\t\t\t\t<p>C&rsquo;est avec Nathalie Bru que les \u00e9l\u00e8ves de 5e du coll\u00e8ge de Neuvy Saint S\u00e9pulchre auront la chance de confectionner une fresque aux couleurs du patrimoine mondial de l&rsquo;UNESCO. Cette derni\u00e8re sera expos\u00e9e dans la ville.<\/p>\t\t\t\t\t\t\t\t<\/div>\n\t\t\t\t<\/div>\n\t\t\t\t\t<\/div>\n\t\t<\/div>\n\t\t\t\t\t<\/div>\n\t\t<\/section>\n\t\t\t\t<section class=\"elementor-section elementor-top-section elementor-element elementor-element-zjwudxl elementor-section-boxed elementor-section-height-default elementor-section-height-default\" data-id=\"zjwudxl\" data-element_type=\"section\">\n\t\t\t\t\t\t<div class=\"elementor-container elementor-column-gap-default\">\n\t\t\t\t\t<div class=\"elementor-column elementor-col-50 elementor-top-column elementor-element elementor-element-1r3ighn\" data-id=\"1r3ighn\" data-element_type=\"column\">\n\t\t\t<div class=\"elementor-widget-wrap elementor-element-populated\">\n\t\t\t\t\t\t<div class=\"elementor-element elementor-element-f3ep2bh elementor-widget elementor-widget-image\" data-id=\"f3ep2bh\" data-element_type=\"widget\" data-widget_type=\"image.default\">\n\t\t\t\t<div class=\"elementor-widget-container\">\n\t\t\t\t\t\t\t\t\t\t\t\t\t\t\t<img loading=\"lazy\" decoding=\"async\" data-attachment-id=\"393\" data-permalink=\"https:\/\/www.neuvysurleschemins.fr\/landscape-wilderness-sky-night-milky-way-cosmos-1197483-pxhere-com\/\" data-orig-file=\"https:\/\/i0.wp.com\/www.neuvysurleschemins.fr\/wp-content\/uploads\/2017\/11\/landscape-wilderness-sky-night-milky-way-cosmos-1197483-pxhere.com_.jpg?fit=800%2C534&amp;ssl=1\" data-orig-size=\"800,534\" data-comments-opened=\"1\" data-image-meta=\"{&quot;aperture&quot;:&quot;0&quot;,&quot;credit&quot;:&quot;&quot;,&quot;camera&quot;:&quot;&quot;,&quot;caption&quot;:&quot;&quot;,&quot;created_timestamp&quot;:&quot;0&quot;,&quot;copyright&quot;:&quot;&quot;,&quot;focal_length&quot;:&quot;0&quot;,&quot;iso&quot;:&quot;0&quot;,&quot;shutter_speed&quot;:&quot;0&quot;,&quot;title&quot;:&quot;&quot;,&quot;orientation&quot;:&quot;0&quot;}\" data-image-title=\"Patrimoine Naturel Mondial de l&amp;rsquo;UNESCO: Le Grand Canyion &#8211; Etats-Unis\" data-image-description=\"\" data-image-caption=\"\" data-medium-file=\"https:\/\/i0.wp.com\/www.neuvysurleschemins.fr\/wp-content\/uploads\/2017\/11\/landscape-wilderness-sky-night-milky-way-cosmos-1197483-pxhere.com_.jpg?fit=300%2C200&amp;ssl=1\" data-large-file=\"https:\/\/i0.wp.com\/www.neuvysurleschemins.fr\/wp-content\/uploads\/2017\/11\/landscape-wilderness-sky-night-milky-way-cosmos-1197483-pxhere.com_.jpg?fit=800%2C534&amp;ssl=1\" tabindex=\"0\" role=\"button\" width=\"800\" height=\"534\" src=\"https:\/\/i0.wp.com\/www.neuvysurleschemins.fr\/wp-content\/uploads\/2017\/11\/landscape-wilderness-sky-night-milky-way-cosmos-1197483-pxhere.com_.jpg?fit=800%2C534&amp;ssl=1\" class=\"attachment-large size-large wp-image-393\" alt=\"\" srcset=\"https:\/\/i0.wp.com\/www.neuvysurleschemins.fr\/wp-content\/uploads\/2017\/11\/landscape-wilderness-sky-night-milky-way-cosmos-1197483-pxhere.com_.jpg?w=800&amp;ssl=1 800w, https:\/\/i0.wp.com\/www.neuvysurleschemins.fr\/wp-content\/uploads\/2017\/11\/landscape-wilderness-sky-night-milky-way-cosmos-1197483-pxhere.com_.jpg?resize=300%2C200&amp;ssl=1 300w, https:\/\/i0.wp.com\/www.neuvysurleschemins.fr\/wp-content\/uploads\/2017\/11\/landscape-wilderness-sky-night-milky-way-cosmos-1197483-pxhere.com_.jpg?resize=768%2C513&amp;ssl=1 768w, https:\/\/i0.wp.com\/www.neuvysurleschemins.fr\/wp-content\/uploads\/2017\/11\/landscape-wilderness-sky-night-milky-way-cosmos-1197483-pxhere.com_.jpg?resize=750%2C501&amp;ssl=1 750w\" sizes=\"(max-width: 800px) 100vw, 800px\" data-attachment-id=\"393\" data-permalink=\"https:\/\/www.neuvysurleschemins.fr\/landscape-wilderness-sky-night-milky-way-cosmos-1197483-pxhere-com\/\" data-orig-file=\"https:\/\/i0.wp.com\/www.neuvysurleschemins.fr\/wp-content\/uploads\/2017\/11\/landscape-wilderness-sky-night-milky-way-cosmos-1197483-pxhere.com_.jpg?fit=800%2C534&amp;ssl=1\" data-orig-size=\"800,534\" data-comments-opened=\"1\" data-image-meta=\"{&quot;aperture&quot;:&quot;0&quot;,&quot;credit&quot;:&quot;&quot;,&quot;camera&quot;:&quot;&quot;,&quot;caption&quot;:&quot;&quot;,&quot;created_timestamp&quot;:&quot;0&quot;,&quot;copyright&quot;:&quot;&quot;,&quot;focal_length&quot;:&quot;0&quot;,&quot;iso&quot;:&quot;0&quot;,&quot;shutter_speed&quot;:&quot;0&quot;,&quot;title&quot;:&quot;&quot;,&quot;orientation&quot;:&quot;0&quot;}\" data-image-title=\"Patrimoine Naturel Mondial de l&amp;rsquo;UNESCO: Le Grand Canyion &#8211; Etats-Unis\" data-image-description=\"\" data-image-caption=\"\" data-medium-file=\"https:\/\/i0.wp.com\/www.neuvysurleschemins.fr\/wp-content\/uploads\/2017\/11\/landscape-wilderness-sky-night-milky-way-cosmos-1197483-pxhere.com_.jpg?fit=300%2C200&amp;ssl=1\" data-large-file=\"https:\/\/i0.wp.com\/www.neuvysurleschemins.fr\/wp-content\/uploads\/2017\/11\/landscape-wilderness-sky-night-milky-way-cosmos-1197483-pxhere.com_.jpg?fit=800%2C534&amp;ssl=1\" role=\"button\" \/>\t\t\t\t\t\t\t\t\t\t\t\t\t\t\t<\/div>\n\t\t\t\t<\/div>\n\t\t\t\t\t<\/div>\n\t\t<\/div>\n\t\t\t\t<div class=\"elementor-column elementor-col-50 elementor-top-column elementor-element elementor-element-nrho1ah\" data-id=\"nrho1ah\" data-element_type=\"column\">\n\t\t\t<div class=\"elementor-widget-wrap elementor-element-populated\">\n\t\t\t\t\t\t<div class=\"elementor-element elementor-element-jvouusy elementor-widget elementor-widget-text-editor\" data-id=\"jvouusy\" data-element_type=\"widget\" data-widget_type=\"text-editor.default\">\n\t\t\t\t<div class=\"elementor-widget-container\">\n\t\t\t\t\t\t\t\t\t<p>Le patrimoine mondial de l&rsquo;UNESCO sera \u00e9galement \u00e0 l&rsquo;honneur dans les vitrines des commer\u00e7ants de la ville \u00e0 partir du mois de Juillet. Les \u00e9l\u00e8ves du coll\u00e8ge participeront \u00e0 la r\u00e9alisation d&rsquo;un planisph\u00e8re pour pr\u00e9senter ces lieux aux visiteurs.<\/p>\t\t\t\t\t\t\t\t<\/div>\n\t\t\t\t<\/div>\n\t\t\t\t\t<\/div>\n\t\t<\/div>\n\t\t\t\t\t<\/div>\n\t\t<\/section>\n\t\t\t\t<section class=\"elementor-section elementor-top-section elementor-element elementor-element-pxtdqzu elementor-section-boxed elementor-section-height-default elementor-section-height-default\" data-id=\"pxtdqzu\" data-element_type=\"section\" data-settings=\"{&quot;background_background&quot;:&quot;classic&quot;}\">\n\t\t\t\t\t\t<div class=\"elementor-container elementor-column-gap-default\">\n\t\t\t\t\t<div class=\"elementor-column elementor-col-33 elementor-top-column elementor-element elementor-element-yp6iajs\" data-id=\"yp6iajs\" data-element_type=\"column\">\n\t\t\t<div class=\"elementor-widget-wrap elementor-element-populated\">\n\t\t\t\t\t\t<div class=\"elementor-element elementor-element-8vtkarq elementor-widget elementor-widget-image\" data-id=\"8vtkarq\" data-element_type=\"widget\" data-widget_type=\"image.default\">\n\t\t\t\t<div class=\"elementor-widget-container\">\n\t\t\t\t\t\t\t\t\t\t\t\t\t\t\t<img loading=\"lazy\" decoding=\"async\" data-attachment-id=\"289\" data-permalink=\"https:\/\/www.neuvysurleschemins.fr\/22459141_2030380580617720_6630640331652744737_o\/\" data-orig-file=\"https:\/\/i0.wp.com\/www.neuvysurleschemins.fr\/wp-content\/uploads\/2017\/10\/22459141_2030380580617720_6630640331652744737_o.jpg?fit=1024%2C724&amp;ssl=1\" data-orig-size=\"1024,724\" data-comments-opened=\"1\" data-image-meta=\"{&quot;aperture&quot;:&quot;0&quot;,&quot;credit&quot;:&quot;&quot;,&quot;camera&quot;:&quot;&quot;,&quot;caption&quot;:&quot;&quot;,&quot;created_timestamp&quot;:&quot;0&quot;,&quot;copyright&quot;:&quot;&quot;,&quot;focal_length&quot;:&quot;0&quot;,&quot;iso&quot;:&quot;0&quot;,&quot;shutter_speed&quot;:&quot;0&quot;,&quot;title&quot;:&quot;&quot;,&quot;orientation&quot;:&quot;0&quot;}\" data-image-title=\"Chemins de Compostelle: Patrimoine Mondial de l&amp;rsquo;UNESCO\" data-image-description=\"\" data-image-caption=\"\" data-medium-file=\"https:\/\/i0.wp.com\/www.neuvysurleschemins.fr\/wp-content\/uploads\/2017\/10\/22459141_2030380580617720_6630640331652744737_o.jpg?fit=300%2C212&amp;ssl=1\" data-large-file=\"https:\/\/i0.wp.com\/www.neuvysurleschemins.fr\/wp-content\/uploads\/2017\/10\/22459141_2030380580617720_6630640331652744737_o.jpg?fit=1024%2C724&amp;ssl=1\" tabindex=\"0\" role=\"button\" width=\"150\" height=\"150\" src=\"https:\/\/i0.wp.com\/www.neuvysurleschemins.fr\/wp-content\/uploads\/2017\/10\/22459141_2030380580617720_6630640331652744737_o.jpg?resize=150%2C150&amp;ssl=1\" class=\"attachment-thumbnail size-thumbnail wp-image-289\" alt=\"\" srcset=\"https:\/\/i0.wp.com\/www.neuvysurleschemins.fr\/wp-content\/uploads\/2017\/10\/22459141_2030380580617720_6630640331652744737_o.jpg?resize=150%2C150&amp;ssl=1 150w, https:\/\/i0.wp.com\/www.neuvysurleschemins.fr\/wp-content\/uploads\/2017\/10\/22459141_2030380580617720_6630640331652744737_o.jpg?zoom=2&amp;resize=150%2C150 300w, https:\/\/i0.wp.com\/www.neuvysurleschemins.fr\/wp-content\/uploads\/2017\/10\/22459141_2030380580617720_6630640331652744737_o.jpg?zoom=3&amp;resize=150%2C150 450w\" sizes=\"(max-width: 150px) 100vw, 150px\" data-attachment-id=\"289\" data-permalink=\"https:\/\/www.neuvysurleschemins.fr\/22459141_2030380580617720_6630640331652744737_o\/\" data-orig-file=\"https:\/\/i0.wp.com\/www.neuvysurleschemins.fr\/wp-content\/uploads\/2017\/10\/22459141_2030380580617720_6630640331652744737_o.jpg?fit=1024%2C724&amp;ssl=1\" data-orig-size=\"1024,724\" data-comments-opened=\"1\" data-image-meta=\"{&quot;aperture&quot;:&quot;0&quot;,&quot;credit&quot;:&quot;&quot;,&quot;camera&quot;:&quot;&quot;,&quot;caption&quot;:&quot;&quot;,&quot;created_timestamp&quot;:&quot;0&quot;,&quot;copyright&quot;:&quot;&quot;,&quot;focal_length&quot;:&quot;0&quot;,&quot;iso&quot;:&quot;0&quot;,&quot;shutter_speed&quot;:&quot;0&quot;,&quot;title&quot;:&quot;&quot;,&quot;orientation&quot;:&quot;0&quot;}\" data-image-title=\"Chemins de Compostelle: Patrimoine Mondial de l&amp;rsquo;UNESCO\" data-image-description=\"\" data-image-caption=\"\" data-medium-file=\"https:\/\/i0.wp.com\/www.neuvysurleschemins.fr\/wp-content\/uploads\/2017\/10\/22459141_2030380580617720_6630640331652744737_o.jpg?fit=300%2C212&amp;ssl=1\" data-large-file=\"https:\/\/i0.wp.com\/www.neuvysurleschemins.fr\/wp-content\/uploads\/2017\/10\/22459141_2030380580617720_6630640331652744737_o.jpg?fit=1024%2C724&amp;ssl=1\" role=\"button\" \/>\t\t\t\t\t\t\t\t\t\t\t\t\t\t\t<\/div>\n\t\t\t\t<\/div>\n\t\t\t\t\t<\/div>\n\t\t<\/div>\n\t\t\t\t<div class=\"elementor-column elementor-col-66 elementor-top-column elementor-element elementor-element-z2y5dfi\" data-id=\"z2y5dfi\" data-element_type=\"column\">\n\t\t\t<div class=\"elementor-widget-wrap elementor-element-populated\">\n\t\t\t\t\t\t<div class=\"elementor-element elementor-element-ap0x5pt elementor-widget elementor-widget-text-editor\" data-id=\"ap0x5pt\" data-element_type=\"widget\" data-widget_type=\"text-editor.default\">\n\t\t\t\t<div class=\"elementor-widget-container\">\n\t\t\t\t\t\t\t\t\t<p>\u00ab\u00a0Le patrimoine constitue une source d&rsquo;identit\u00e9 et de coh\u00e9sion pour des communaut\u00e9s perturb\u00e9es par l\u2019acc\u00e9l\u00e9ration des changements\u00a0 et l&rsquo;instabilit\u00e9 \u00e9conomique. La cr\u00e9ativit\u00e9 contribue \u00e0 l&rsquo;\u00e9dification de soci\u00e9t\u00e9s ouvertes, inclusives et pluralistes.\u00a0\u00bb Plus d&rsquo;informations sur le site de <a href=\"https:\/\/fr.unesco.org\/themes\/prot\u00e9ger-notre-patrimoine-et-favoriser-la-cr\u00e9ativit\u00e9\" target=\"_blank\" rel=\"noopener\"><span style=\"text-decoration: underline;\"><strong>l&rsquo;UNESCO<\/strong><\/span><\/a><\/p>\t\t\t\t\t\t\t\t<\/div>\n\t\t\t\t<\/div>\n\t\t\t\t\t<\/div>\n\t\t<\/div>\n\t\t\t\t\t<\/div>\n\t\t<\/section>\n\t\t\t\t<\/div>\n\t\t","protected":false},"excerpt":{"rendered":"<p>Notre patrimoine culturel et naturel se transmet de g\u00e9n\u00e9rations en g\u00e9n\u00e9rations. Parmi ces derni\u00e8res, la place des plus jeunes est primordiale pour que les c\u00e9l\u00e9brations autour des Chemins de Compostelle prennent leur juste valeur. Participer ensemble Les enfants du centre de loisirs de Neuvy Saint S\u00e9pulchre ont particip\u00e9 \u00e0 la cr\u00e9ation de colliers pour les [&hellip;]<\/p>\n","protected":false},"author":1,"featured_media":0,"parent":0,"menu_order":0,"comment_status":"closed","ping_status":"closed","template":"","meta":{"jetpack_post_was_ever_published":false,"footnotes":""},"jetpack_sharing_enabled":true,"jetpack_shortlink":"https:\/\/wp.me\/P9e7pe-bD","jetpack_likes_enabled":true,"jetpack-related-posts":[],"_links":{"self":[{"href":"https:\/\/www.neuvysurleschemins.fr\/index.php\/wp-json\/wp\/v2\/pages\/721"}],"collection":[{"href":"https:\/\/www.neuvysurleschemins.fr\/index.php\/wp-json\/wp\/v2\/pages"}],"about":[{"href":"https:\/\/www.neuvysurleschemins.fr\/index.php\/wp-json\/wp\/v2\/types\/page"}],"author":[{"embeddable":true,"href":"https:\/\/www.neuvysurleschemins.fr\/index.php\/wp-json\/wp\/v2\/users\/1"}],"replies":[{"embeddable":true,"href":"https:\/\/www.neuvysurleschemins.fr\/index.php\/wp-json\/wp\/v2\/comments?post=721"}],"version-history":[{"count":0,"href":"https:\/\/www.neuvysurleschemins.fr\/index.php\/wp-json\/wp\/v2\/pages\/721\/revisions"}],"wp:attachment":[{"href":"https:\/\/www.neuvysurleschemins.fr\/index.php\/wp-json\/wp\/v2\/media?parent=721"}],"curies":[{"name":"wp","href":"https:\/\/api.w.org\/{rel}","templated":true}]}}